{"id":2291,"date":"2024-10-08T12:51:04","date_gmt":"2024-10-08T12:51:04","guid":{"rendered":"https:\/\/homearchitecture.fr\/?post_type=ravalement-de-facade&#038;p=2291"},"modified":"2024-11-01T14:13:56","modified_gmt":"2024-11-01T14:13:56","slug":"belleville","status":"publish","type":"ravalement-de-facade","link":"https:\/\/homearchitecture.fr\/ma\/ravalement-de-facade\/belleville\/","title":{"rendered":"\u0645\u062f\u064a\u0646\u0629 \u062c\u0645\u064a\u0644\u0629"},"content":{"rendered":"<div data-elementor-type=\"wp-post\" data-elementor-id=\"2291\" class=\"elementor elementor-2291\">\n\t\t\t\t<div class=\"elementor-element elementor-element-7735375 e-flex e-con-boxed wpr-particle-no wpr-jarallax-no wpr-parallax-no wpr-sticky-section-no wpr-equal-height-no e-con e-parent\" data-id=\"7735375\" data-element_type=\"container\" data-e-type=\"container\">\n\t\t\t\t\t<div class=\"e-con-inner\">\n\t\t<div class=\"elementor-element elementor-element-64b494d e-con-full e-flex wpr-particle-no wpr-jarallax-no wpr-parallax-no wpr-sticky-section-no wpr-equal-height-no e-con e-child\" data-id=\"64b494d\" data-element_type=\"container\" data-e-type=\"container\">\n\t\t\t\t<div class=\"elementor-element elementor-element-08c3b7f elementor-widget elementor-widget-wpr-before-after\" data-id=\"08c3b7f\" data-element_type=\"widget\" data-e-type=\"widget\" data-widget_type=\"wpr-before-after.default\">\n\t\t\t\t<div class=\"elementor-widget-container\">\n\t\t\t\t\t<div class=\"wpr-ba-image-container wpr-ba-horizontal wpr-ba-labels-default\" data-position=\"50\" data-trigger=\"drag\"><div class=\"wpr-ba-image-1\"><img decoding=\"async\" src=\"https:\/\/homearchitecture.fr\/wp-content\/uploads\/2024\/05\/1-3-1-scaled.jpg\"><\/div><div class=\"wpr-ba-image-2\"><img decoding=\"async\" src=\"https:\/\/homearchitecture.fr\/wp-content\/uploads\/2024\/05\/1-3-2-scaled.jpg\"><\/div><div class=\"wpr-ba-divider\"><div class=\"wpr-ba-divider-icons\"><i class=\"fa fa-angle-left\"><\/i><i class=\"fa fa-angle-right\"><\/i><\/div><\/div><div class=\"wpr-ba-label wpr-ba-label-1\"><div>\u0642\u0628\u0644<\/div><\/div><div class=\"wpr-ba-label wpr-ba-label-2\"><div>\u0628\u0639\u062f<\/div><\/div><\/div>\t\t\t\t<\/div>\n\t\t\t\t<\/div>\n\t\t\t\t<\/div>\n\t\t<div class=\"elementor-element elementor-element-ecd1efe e-con-full e-flex wpr-particle-no wpr-jarallax-no wpr-parallax-no wpr-sticky-section-no wpr-equal-height-no e-con e-child\" data-id=\"ecd1efe\" data-element_type=\"container\" data-e-type=\"container\">\n\t\t\t\t<div class=\"elementor-element elementor-element-fff502d elementor-widget elementor-widget-wpr-before-after\" data-id=\"fff502d\" data-element_type=\"widget\" data-e-type=\"widget\" data-widget_type=\"wpr-before-after.default\">\n\t\t\t\t<div class=\"elementor-widget-container\">\n\t\t\t\t\t<div class=\"wpr-ba-image-container wpr-ba-horizontal wpr-ba-labels-default\" data-position=\"50\" data-trigger=\"drag\"><div class=\"wpr-ba-image-1\"><img decoding=\"async\" src=\"https:\/\/homearchitecture.fr\/wp-content\/uploads\/2024\/05\/1-3-3-scaled.jpg\"><\/div><div class=\"wpr-ba-image-2\"><img decoding=\"async\" src=\"https:\/\/homearchitecture.fr\/wp-content\/uploads\/2024\/05\/1-3-4-scaled.jpg\"><\/div><div class=\"wpr-ba-divider\"><div class=\"wpr-ba-divider-icons\"><i class=\"fa fa-angle-left\"><\/i><i class=\"fa fa-angle-right\"><\/i><\/div><\/div><div class=\"wpr-ba-label wpr-ba-label-1\"><div>\u0642\u0628\u0644<\/div><\/div><div class=\"wpr-ba-label wpr-ba-label-2\"><div>\u0628\u0639\u062f<\/div><\/div><\/div>\t\t\t\t<\/div>\n\t\t\t\t<\/div>\n\t\t\t\t<\/div>\n\t\t<div class=\"elementor-element elementor-element-f6d0fe0 e-con-full e-flex wpr-particle-no wpr-jarallax-no wpr-parallax-no wpr-sticky-section-no wpr-equal-height-no e-con e-child\" data-id=\"f6d0fe0\" data-element_type=\"container\" data-e-type=\"container\">\n\t\t\t\t<div class=\"elementor-element elementor-element-14bbdc1 elementor-widget elementor-widget-heading\" data-id=\"14bbdc1\" data-element_type=\"widget\" data-e-type=\"widget\" data-widget_type=\"heading.default\">\n\t\t\t\t<div class=\"elementor-widget-container\">\n\t\t\t\t\t<h2 class=\"elementor-heading-title elementor-size-default\">\u0645\u062f\u064a\u0646\u0629 \u062c\u0645\u064a\u0644\u0629<\/h2>\t\t\t\t<\/div>\n\t\t\t\t<\/div>\n\t\t\t\t<div class=\"elementor-element elementor-element-fa15e5a elementor-widget-divider--view-line elementor-widget elementor-widget-divider\" data-id=\"fa15e5a\" data-element_type=\"widget\" data-e-type=\"widget\" data-widget_type=\"divider.default\">\n\t\t\t\t<div class=\"elementor-widget-container\">\n\t\t\t\t\t\t\t<div class=\"elementor-divider\">\n\t\t\t<span class=\"elementor-divider-separator\">\n\t\t\t\t\t\t<\/span>\n\t\t<\/div>\n\t\t\t\t\t\t<\/div>\n\t\t\t\t<\/div>\n\t\t\t\t<div class=\"elementor-element elementor-element-135db7f elementor-widget elementor-widget-text-editor\" data-id=\"135db7f\" data-element_type=\"widget\" data-e-type=\"widget\" data-widget_type=\"text-editor.default\">\n\t\t\t\t<div class=\"elementor-widget-container\">\n\t\t\t\t\t\t\t\t\t<p>\u0625\u0639\u0627\u062f\u0629 \u062a\u0623\u0647\u064a\u0644 \u0645\u0628\u0646\u0649 \u2013 \u0639\u0632\u0644 \u0627\u0644\u0645\u062f\u0631\u062c\u0627\u062a \u0627\u0644\u062a\u064a \u0644\u0627 \u064a\u0645\u0643\u0646 \u0627\u0644\u0648\u0635\u0648\u0644 \u0625\u0644\u064a\u0647\u0627 \u2013 \u062a\u062c\u062f\u064a\u062f \u062c\u0645\u064a\u0639 \u0627\u0644\u0648\u0627\u062c\u0647\u0627\u062a \u2013 \u0627\u0633\u062a\u0628\u062f\u0627\u0644 \u0627\u0644\u0646\u062c\u0627\u0631\u0629 \u0627\u0644\u062e\u0627\u0631\u062c\u064a\u0629 \u2013 \u0625\u0635\u0644\u0627\u062d\u0627\u062a \u062a\u062d\u062a \u0627\u0644\u0639\u0645\u0644.<\/p><p>\u0645\u0644\u0641 \u0625\u0642\u0631\u0627\u0631 \u0627\u0644\u0639\u0645\u0644 \u2013 \u0627\u0644\u0645\u062a\u0637\u0644\u0628\u0627\u062a \u0648\u0627\u0644\u0645\u0648\u0627\u0635\u0641\u0627\u062a \u0627\u0644\u0641\u0646\u064a\u0629 \u2013 \u0645\u0631\u0627\u0642\u0628\u0629 \u0627\u0644\u0639\u0645\u0644.<\/p><p>\u0645\u062f\u0629 \u0627\u0644\u0639\u0645\u0644: 5 \u0623\u0634\u0647\u0631<\/p>\t\t\t\t\t\t\t\t<\/div>\n\t\t\t\t<\/div>\n\t\t\t\t<\/div>\n\t\t\t\t\t<\/div>\n\t\t\t\t<\/div>\n\t\t\t\t<\/div>","protected":false},"featured_media":0,"template":"","class_list":["post-2291","ravalement-de-facade","type-ravalement-de-facade","status-publish","hentry"],"yoast_head":"<!-- This site is optimized with the Yoast SEO plugin v27.5 - https:\/\/yoast.com\/product\/yoast-seo-wordpress\/ -->\n<title>BELLEVILLE - Home Architecture<\/title>\n<meta name=\"robots\" content=\"index, follow, max-snippet:-1, max-image-preview:large, max-video-preview:-1\" \/>\n<link rel=\"canonical\" href=\"https:\/\/lightyellow-goat-121471.hostingersite.com\/ravalement-de-facade\/belleville\/\" \/>\n<meta property=\"og:locale\" content=\"ar_AR\" \/>\n<meta property=\"og:type\" content=\"article\" \/>\n<meta property=\"og:title\" content=\"BELLEVILLE - Home Architecture\" \/>\n<meta property=\"og:description\" content=\"AvantApr\u00e8s AvantApr\u00e8s BELLEVILLE R\u00e9habilitation d\u2019un b\u00e2timent &#8211; \u00c9tanch\u00e9it\u00e9 des terrasses non accessibles &#8211; Ravalement de toutes les fa\u00e7ades &#8211; Remplacement des menuiseries ext\u00e9rieurs \u2013 Reprises en sous \u0153uvre. Dossier D\u00e9claration de Travaux \u2013 Prescriptions Techniques\u00a0\u00a0 et Cahier des charges \u2013 Suivi des travaux. Dur\u00e9e des travaux\u00a0: 5 mois\" \/>\n<meta property=\"og:url\" content=\"https:\/\/lightyellow-goat-121471.hostingersite.com\/ravalement-de-facade\/belleville\/\" \/>\n<meta property=\"og:site_name\" content=\"Home Architecture\" \/>\n<meta property=\"article:modified_time\" content=\"2024-11-01T14:13:56+00:00\" \/>\n<meta property=\"og:image\" content=\"https:\/\/lightyellow-goat-121471.hostingersite.com\/wp-content\/uploads\/2024\/05\/1-3-1-scaled.jpg\" \/>\n<meta name=\"twitter:card\" content=\"summary_large_image\" \/>\n<script type=\"application\/ld+json\" class=\"yoast-schema-graph\">{\"@context\":\"https:\\\/\\\/schema.org\",\"@graph\":[{\"@type\":\"WebPage\",\"@id\":\"https:\\\/\\\/lightyellow-goat-121471.hostingersite.com\\\/ravalement-de-facade\\\/belleville\\\/\",\"url\":\"https:\\\/\\\/lightyellow-goat-121471.hostingersite.com\\\/ravalement-de-facade\\\/belleville\\\/\",\"name\":\"BELLEVILLE - Home Architecture\",\"isPartOf\":{\"@id\":\"https:\\\/\\\/lightyellow-goat-121471.hostingersite.com\\\/#website\"},\"primaryImageOfPage\":{\"@id\":\"https:\\\/\\\/lightyellow-goat-121471.hostingersite.com\\\/ravalement-de-facade\\\/belleville\\\/#primaryimage\"},\"image\":{\"@id\":\"https:\\\/\\\/lightyellow-goat-121471.hostingersite.com\\\/ravalement-de-facade\\\/belleville\\\/#primaryimage\"},\"thumbnailUrl\":\"https:\\\/\\\/homearchitecture.fr\\\/wp-content\\\/uploads\\\/2024\\\/05\\\/1-3-1-scaled.jpg\",\"datePublished\":\"2024-10-08T12:51:04+00:00\",\"dateModified\":\"2024-11-01T14:13:56+00:00\",\"breadcrumb\":{\"@id\":\"https:\\\/\\\/lightyellow-goat-121471.hostingersite.com\\\/ravalement-de-facade\\\/belleville\\\/#breadcrumb\"},\"inLanguage\":\"ary\",\"potentialAction\":[{\"@type\":\"ReadAction\",\"target\":[\"https:\\\/\\\/lightyellow-goat-121471.hostingersite.com\\\/ravalement-de-facade\\\/belleville\\\/\"]}]},{\"@type\":\"ImageObject\",\"inLanguage\":\"ary\",\"@id\":\"https:\\\/\\\/lightyellow-goat-121471.hostingersite.com\\\/ravalement-de-facade\\\/belleville\\\/#primaryimage\",\"url\":\"https:\\\/\\\/homearchitecture.fr\\\/wp-content\\\/uploads\\\/2024\\\/05\\\/1-3-1-scaled.jpg\",\"contentUrl\":\"https:\\\/\\\/homearchitecture.fr\\\/wp-content\\\/uploads\\\/2024\\\/05\\\/1-3-1-scaled.jpg\"},{\"@type\":\"BreadcrumbList\",\"@id\":\"https:\\\/\\\/lightyellow-goat-121471.hostingersite.com\\\/ravalement-de-facade\\\/belleville\\\/#breadcrumb\",\"itemListElement\":[{\"@type\":\"ListItem\",\"position\":1,\"name\":\"Home\",\"item\":\"https:\\\/\\\/lightyellow-goat-121471.hostingersite.com\\\/\"},{\"@type\":\"ListItem\",\"position\":2,\"name\":\"BELLEVILLE\"}]},{\"@type\":\"WebSite\",\"@id\":\"https:\\\/\\\/lightyellow-goat-121471.hostingersite.com\\\/#website\",\"url\":\"https:\\\/\\\/lightyellow-goat-121471.hostingersite.com\\\/\",\"name\":\"Home Architecture\",\"description\":\"\",\"publisher\":{\"@id\":\"https:\\\/\\\/lightyellow-goat-121471.hostingersite.com\\\/#organization\"},\"potentialAction\":[{\"@type\":\"SearchAction\",\"target\":{\"@type\":\"EntryPoint\",\"urlTemplate\":\"https:\\\/\\\/lightyellow-goat-121471.hostingersite.com\\\/?s={search_term_string}\"},\"query-input\":{\"@type\":\"PropertyValueSpecification\",\"valueRequired\":true,\"valueName\":\"search_term_string\"}}],\"inLanguage\":\"ary\"},{\"@type\":\"Organization\",\"@id\":\"https:\\\/\\\/lightyellow-goat-121471.hostingersite.com\\\/#organization\",\"name\":\"Home Architecture\",\"url\":\"https:\\\/\\\/lightyellow-goat-121471.hostingersite.com\\\/\",\"logo\":{\"@type\":\"ImageObject\",\"inLanguage\":\"ary\",\"@id\":\"https:\\\/\\\/lightyellow-goat-121471.hostingersite.com\\\/#\\\/schema\\\/logo\\\/image\\\/\",\"url\":\"https:\\\/\\\/homearchitecture.fr\\\/wp-content\\\/uploads\\\/2024\\\/05\\\/cropped-lo-3.jpg\",\"contentUrl\":\"https:\\\/\\\/homearchitecture.fr\\\/wp-content\\\/uploads\\\/2024\\\/05\\\/cropped-lo-3.jpg\",\"width\":768,\"height\":767,\"caption\":\"Home Architecture\"},\"image\":{\"@id\":\"https:\\\/\\\/lightyellow-goat-121471.hostingersite.com\\\/#\\\/schema\\\/logo\\\/image\\\/\"}}]}<\/script>\n<!-- \/ Yoast SEO plugin. -->","yoast_head_json":{"title":"\u0628\u064a\u0644\u0641\u064a\u0644 - \u0627\u0644\u0647\u0646\u062f\u0633\u0629 \u0627\u0644\u0645\u0639\u0645\u0627\u0631\u064a\u0629 \u0627\u0644\u0645\u0646\u0632\u0644\u064a\u0629","robots":{"index":"index","follow":"follow","max-snippet":"max-snippet:-1","max-image-preview":"max-image-preview:large","max-video-preview":"max-video-preview:-1"},"canonical":"https:\/\/lightyellow-goat-121471.hostingersite.com\/ravalement-de-facade\/belleville\/","og_locale":"ar_AR","og_type":"article","og_title":"BELLEVILLE - Home Architecture","og_description":"AvantApr\u00e8s AvantApr\u00e8s BELLEVILLE R\u00e9habilitation d\u2019un b\u00e2timent &#8211; \u00c9tanch\u00e9it\u00e9 des terrasses non accessibles &#8211; Ravalement de toutes les fa\u00e7ades &#8211; Remplacement des menuiseries ext\u00e9rieurs \u2013 Reprises en sous \u0153uvre. Dossier D\u00e9claration de Travaux \u2013 Prescriptions Techniques\u00a0\u00a0 et Cahier des charges \u2013 Suivi des travaux. Dur\u00e9e des travaux\u00a0: 5 mois","og_url":"https:\/\/lightyellow-goat-121471.hostingersite.com\/ravalement-de-facade\/belleville\/","og_site_name":"Home Architecture","article_modified_time":"2024-11-01T14:13:56+00:00","og_image":[{"url":"https:\/\/lightyellow-goat-121471.hostingersite.com\/wp-content\/uploads\/2024\/05\/1-3-1-scaled.jpg","type":"","width":"","height":""}],"twitter_card":"summary_large_image","schema":{"@context":"https:\/\/schema.org","@graph":[{"@type":"WebPage","@id":"https:\/\/lightyellow-goat-121471.hostingersite.com\/ravalement-de-facade\/belleville\/","url":"https:\/\/lightyellow-goat-121471.hostingersite.com\/ravalement-de-facade\/belleville\/","name":"\u0628\u064a\u0644\u0641\u064a\u0644 - \u0627\u0644\u0647\u0646\u062f\u0633\u0629 \u0627\u0644\u0645\u0639\u0645\u0627\u0631\u064a\u0629 \u0627\u0644\u0645\u0646\u0632\u0644\u064a\u0629","isPartOf":{"@id":"https:\/\/lightyellow-goat-121471.hostingersite.com\/#website"},"primaryImageOfPage":{"@id":"https:\/\/lightyellow-goat-121471.hostingersite.com\/ravalement-de-facade\/belleville\/#primaryimage"},"image":{"@id":"https:\/\/lightyellow-goat-121471.hostingersite.com\/ravalement-de-facade\/belleville\/#primaryimage"},"thumbnailUrl":"https:\/\/homearchitecture.fr\/wp-content\/uploads\/2024\/05\/1-3-1-scaled.jpg","datePublished":"2024-10-08T12:51:04+00:00","dateModified":"2024-11-01T14:13:56+00:00","breadcrumb":{"@id":"https:\/\/lightyellow-goat-121471.hostingersite.com\/ravalement-de-facade\/belleville\/#breadcrumb"},"inLanguage":"ary","potentialAction":[{"@type":"ReadAction","target":["https:\/\/lightyellow-goat-121471.hostingersite.com\/ravalement-de-facade\/belleville\/"]}]},{"@type":"ImageObject","inLanguage":"ary","@id":"https:\/\/lightyellow-goat-121471.hostingersite.com\/ravalement-de-facade\/belleville\/#primaryimage","url":"https:\/\/homearchitecture.fr\/wp-content\/uploads\/2024\/05\/1-3-1-scaled.jpg","contentUrl":"https:\/\/homearchitecture.fr\/wp-content\/uploads\/2024\/05\/1-3-1-scaled.jpg"},{"@type":"BreadcrumbList","@id":"https:\/\/lightyellow-goat-121471.hostingersite.com\/ravalement-de-facade\/belleville\/#breadcrumb","itemListElement":[{"@type":"ListItem","position":1,"name":"Home","item":"https:\/\/lightyellow-goat-121471.hostingersite.com\/"},{"@type":"ListItem","position":2,"name":"BELLEVILLE"}]},{"@type":"WebSite","@id":"https:\/\/lightyellow-goat-121471.hostingersite.com\/#website","url":"https:\/\/lightyellow-goat-121471.hostingersite.com\/","name":"\u0627\u0644\u0647\u0646\u062f\u0633\u0629 \u0627\u0644\u0645\u0639\u0645\u0627\u0631\u064a\u0629 \u0627\u0644\u0645\u0646\u0632\u0644\u064a\u0629","description":"","publisher":{"@id":"https:\/\/lightyellow-goat-121471.hostingersite.com\/#organization"},"potentialAction":[{"@type":"SearchAction","target":{"@type":"EntryPoint","urlTemplate":"https:\/\/lightyellow-goat-121471.hostingersite.com\/?s={search_term_string}"},"query-input":{"@type":"PropertyValueSpecification","valueRequired":true,"valueName":"search_term_string"}}],"inLanguage":"ary"},{"@type":"Organization","@id":"https:\/\/lightyellow-goat-121471.hostingersite.com\/#organization","name":"\u0627\u0644\u0647\u0646\u062f\u0633\u0629 \u0627\u0644\u0645\u0639\u0645\u0627\u0631\u064a\u0629 \u0627\u0644\u0645\u0646\u0632\u0644\u064a\u0629","url":"https:\/\/lightyellow-goat-121471.hostingersite.com\/","logo":{"@type":"ImageObject","inLanguage":"ary","@id":"https:\/\/lightyellow-goat-121471.hostingersite.com\/#\/schema\/logo\/image\/","url":"https:\/\/homearchitecture.fr\/wp-content\/uploads\/2024\/05\/cropped-lo-3.jpg","contentUrl":"https:\/\/homearchitecture.fr\/wp-content\/uploads\/2024\/05\/cropped-lo-3.jpg","width":768,"height":767,"caption":"Home Architecture"},"image":{"@id":"https:\/\/lightyellow-goat-121471.hostingersite.com\/#\/schema\/logo\/image\/"}}]}},"_links":{"self":[{"href":"https:\/\/homearchitecture.fr\/ma\/wp-json\/wp\/v2\/ravalement-de-facade\/2291","targetHints":{"allow":["GET"]}}],"collection":[{"href":"https:\/\/homearchitecture.fr\/ma\/wp-json\/wp\/v2\/ravalement-de-facade"}],"about":[{"href":"https:\/\/homearchitecture.fr\/ma\/wp-json\/wp\/v2\/types\/ravalement-de-facade"}],"version-history":[{"count":14,"href":"https:\/\/homearchitecture.fr\/ma\/wp-json\/wp\/v2\/ravalement-de-facade\/2291\/revisions"}],"predecessor-version":[{"id":3433,"href":"https:\/\/homearchitecture.fr\/ma\/wp-json\/wp\/v2\/ravalement-de-facade\/2291\/revisions\/3433"}],"wp:attachment":[{"href":"https:\/\/homearchitecture.fr\/ma\/wp-json\/wp\/v2\/media?parent=2291"}],"curies":[{"name":"\u062f\u0628\u0644\u064a\u0648 \u0628\u064a","href":"https:\/\/api.w.org\/{rel}","templated":true}]}}